{"id":74,"date":"2018-08-04T00:20:02","date_gmt":"2018-08-03T22:20:02","guid":{"rendered":"https:\/\/hapkido-im-revier.de\/?page_id=74"},"modified":"2022-12-30T04:30:45","modified_gmt":"2022-12-30T03:30:45","slug":"ueber-kim-sou-bong","status":"publish","type":"page","link":"https:\/\/hapkido-in-essen.de\/index.php\/ueber-kim-sou-bong\/","title":{"rendered":"\u00dcber Kim Sou Bong"},"content":{"rendered":"\n<p>Der europ\u00e4ische Hapkido-Vater<\/p>\n\n\n<div class=\"wp-block-image\">\n<figure class=\"alignleft is-resized\"><img loading=\"lazy\" decoding=\"async\" data-attachment-id=\"102\" data-permalink=\"https:\/\/hapkido-in-essen.de\/index.php\/ueber-kim-sou-bong\/attachment\/2580\/\" data-orig-file=\"https:\/\/hapkido-in-essen.de\/wp-content\/uploads\/2018\/08\/2580.jpg\" data-orig-size=\"500,386\" data-comments-opened=\"1\" data-image-meta=\"{&quot;aperture&quot;:&quot;0&quot;,&quot;credit&quot;:&quot;&quot;,&quot;camera&quot;:&quot;&quot;,&quot;caption&quot;:&quot;&quot;,&quot;created_timestamp&quot;:&quot;0&quot;,&quot;copyright&quot;:&quot;&quot;,&quot;focal_length&quot;:&quot;0&quot;,&quot;iso&quot;:&quot;0&quot;,&quot;shutter_speed&quot;:&quot;0&quot;,&quot;title&quot;:&quot;&quot;,&quot;orientation&quot;:&quot;0&quot;}\" data-image-title=\"2580\" data-image-description=\"\" data-image-caption=\"\" data-large-file=\"https:\/\/hapkido-in-essen.de\/wp-content\/uploads\/2018\/08\/2580.jpg\" src=\"https:\/\/hapkido-im-revier.de\/wp-content\/uploads\/2018\/08\/2580-150x150.jpg\" alt=\"\" class=\"wp-image-102\" width=\"150\" height=\"150\" srcset=\"https:\/\/hapkido-in-essen.de\/wp-content\/uploads\/2018\/08\/2580-150x150.jpg 150w, https:\/\/hapkido-in-essen.de\/wp-content\/uploads\/2018\/08\/2580-100x100.jpg 100w\" sizes=\"auto, (max-width: 150px) 100vw, 150px\" \/><\/figure>\n<\/div>\n\n\n<p>Kim Sou Bong wollte im Alter von neun Jahren boxen lernen, was ihm aber von seiner Mutter untersagt wurde. Deshalb widmete er sich zun\u00e4chst anderen Sportarten wie Schwimmen, Bergsteigen, Rugby,Turnen und Chi-Lum. Mit 15 Jahren erlernte er die Budo-Sportart Tang-Suo-Do und bereits zwei Jahre sp\u00e4ter legte er in dieser Kampfsportart den 1.Dan ab. Durch seinen Freund Choi wurde er auf Hap-Ki-Do aufmerksam. Der systematische Aufbau der einzelnen Techniken dieser praxisnahen Selbstverteidigung faszinierte ihn derart, dass ein intensives Training seinen Tagesablauf bestimmte.<\/p>\n\n\n<div class=\"wp-block-image\">\n<figure class=\"alignright\"><img loading=\"lazy\" decoding=\"async\" width=\"150\" height=\"150\" data-attachment-id=\"104\" data-permalink=\"https:\/\/hapkido-in-essen.de\/index.php\/ueber-kim-sou-bong\/attachment\/1295\/\" data-orig-file=\"https:\/\/hapkido-in-essen.de\/wp-content\/uploads\/2018\/08\/1295.png\" data-orig-size=\"500,549\" data-comments-opened=\"1\" data-image-meta=\"{&quot;aperture&quot;:&quot;0&quot;,&quot;credit&quot;:&quot;&quot;,&quot;camera&quot;:&quot;&quot;,&quot;caption&quot;:&quot;&quot;,&quot;created_timestamp&quot;:&quot;0&quot;,&quot;copyright&quot;:&quot;&quot;,&quot;focal_length&quot;:&quot;0&quot;,&quot;iso&quot;:&quot;0&quot;,&quot;shutter_speed&quot;:&quot;0&quot;,&quot;title&quot;:&quot;&quot;,&quot;orientation&quot;:&quot;0&quot;}\" data-image-title=\"1295\" data-image-description=\"\" data-image-caption=\"\" data-large-file=\"https:\/\/hapkido-in-essen.de\/wp-content\/uploads\/2018\/08\/1295.png\" src=\"https:\/\/hapkido-im-revier.de\/wp-content\/uploads\/2018\/08\/1295-150x150.png\" alt=\"\" class=\"wp-image-104\" srcset=\"https:\/\/hapkido-in-essen.de\/wp-content\/uploads\/2018\/08\/1295-150x150.png 150w, https:\/\/hapkido-in-essen.de\/wp-content\/uploads\/2018\/08\/1295-100x100.png 100w\" sizes=\"auto, (max-width: 150px) 100vw, 150px\" \/><\/figure>\n<\/div>\n\n\n<p>F\u00fcr ihn stand zu jenem Zeitpunkt bereits fest, dass Hap-Ki-Do einen hohen Stellenwert in seinem Leben einnehmen wird. Sein Trainer war Ji Han Jae. Mit 18 Jahren legte Kim bereits die Pr\u00fcfung zum 1.Dan ab und war bis zum 3.Dan Trainerassistent von Meister Ji Han Jae. Mit 25 Jahren bestand er erfolgreich die Pr\u00fcfung zum 4.Dan. Da sich die politische Lage in Korea stark ver\u00e4nderte und seine Mutter, eine bekannte Oppositionspolitikerin, sowie sein Vater, Chefredakteur einer Tageszeitung, unter polizeilicher \u00dcberwachung standen, reiste Kim nach Amerika aus. Dort war Hap-Ki-Do neben an deren Kampfsportarten bereits sehr popul\u00e4r. Im Jahr 1965 wurde Gro\u00dfmeister Kim Sou Bong als \u201eOffiziell Beauftragter f\u00fcr Hap-Ki- Do\u201c nach Deutschland entsandt, um diese Sportart zu unterrichten und zu verbreiten.<\/p>\n\n\n<div class=\"wp-block-image\">\n<figure class=\"alignleft\"><img loading=\"lazy\" decoding=\"async\" width=\"150\" height=\"150\" data-attachment-id=\"99\" data-permalink=\"https:\/\/hapkido-in-essen.de\/index.php\/ueber-kim-sou-bong\/attachment\/10803\/\" data-orig-file=\"https:\/\/hapkido-in-essen.de\/wp-content\/uploads\/2018\/08\/10803.jpg\" data-orig-size=\"378,199\" data-comments-opened=\"1\" data-image-meta=\"{&quot;aperture&quot;:&quot;0&quot;,&quot;credit&quot;:&quot;&quot;,&quot;camera&quot;:&quot;&quot;,&quot;caption&quot;:&quot;&quot;,&quot;created_timestamp&quot;:&quot;0&quot;,&quot;copyright&quot;:&quot;&quot;,&quot;focal_length&quot;:&quot;0&quot;,&quot;iso&quot;:&quot;0&quot;,&quot;shutter_speed&quot;:&quot;0&quot;,&quot;title&quot;:&quot;&quot;,&quot;orientation&quot;:&quot;0&quot;}\" data-image-title=\"10803\" data-image-description=\"\" data-image-caption=\"\" data-large-file=\"https:\/\/hapkido-in-essen.de\/wp-content\/uploads\/2018\/08\/10803.jpg\" src=\"https:\/\/hapkido-im-revier.de\/wp-content\/uploads\/2018\/08\/10803-150x150.jpg\" alt=\"\" class=\"wp-image-99\" srcset=\"https:\/\/hapkido-in-essen.de\/wp-content\/uploads\/2018\/08\/10803-150x150.jpg 150w, https:\/\/hapkido-in-essen.de\/wp-content\/uploads\/2018\/08\/10803-100x100.jpg 100w\" sizes=\"auto, (max-width: 150px) 100vw, 150px\" \/><\/figure>\n<\/div>\n\n\n<p>Ein Jahr lang unterrichtete er in Dortmund und Umgebung Hap-Ki-Do, bevor er wieder nach Amerika zur\u00fcck kehrte. Doch bereits 1968 kam er zur\u00fcck nach Deutschland und gr\u00fcndete in M\u00fclheim seine erste Hap-Ki-Do Schule. Ein Jahr sp\u00e4ter gr\u00fcndete er das \u201cDeutsche Hap-Ki-Do Dankollegium\u201d und weitere Schulen im Ruhrgebiet. Sein Weg f\u00fchrte ihn ebenso nach \u00d6sterreich, wo er auch Hap-Ki-Do etablierte.Im Laufe der Jahre entwickelte Kim sein eigenes Lehrsystem. Dieses basierte nicht mehr auf dem systematischen Aufbau einer technischen Abfolge, sondern erm\u00f6glicht es den Sch\u00fclern mit Hilfe von TMR-\u00dcbungselementen die eigenen St\u00e4rken und Schw\u00e4chen zu reflektieren.<\/p>\n\n\n\n<blockquote class=\"wp-block-quote has-text-align-left is-layout-flow wp-block-quote-is-layout-flow\">\n<p><strong>T<\/strong>&nbsp;steht dabei f\u00fcr technisches Wissen, welches sich an die Pr\u00fcfungsordnung&nbsp;anlehnt<br><strong>M<\/strong> ist die moralisch-philosophische Grundlage, welche sich auf die Schulung der seelisch- geistigen Konstitution des Sch\u00fclers bezieht.<br><strong>R<\/strong>&nbsp;ist die Realit\u00e4tsform, in der die Techniken angewandt werden sollen.<br><\/p>\n<\/blockquote>\n\n\n\n<p><br><\/p>\n\n\n<div class=\"wp-block-image\">\n<figure class=\"alignright is-resized\"><img loading=\"lazy\" decoding=\"async\" data-attachment-id=\"98\" data-permalink=\"https:\/\/hapkido-in-essen.de\/index.php\/ueber-kim-sou-bong\/attachment\/10818\/\" data-orig-file=\"https:\/\/hapkido-in-essen.de\/wp-content\/uploads\/2018\/08\/10818.jpg\" data-orig-size=\"500,696\" data-comments-opened=\"1\" data-image-meta=\"{&quot;aperture&quot;:&quot;4&quot;,&quot;credit&quot;:&quot;&quot;,&quot;camera&quot;:&quot;NIKON D5100&quot;,&quot;caption&quot;:&quot;&quot;,&quot;created_timestamp&quot;:&quot;1409485268&quot;,&quot;copyright&quot;:&quot;&quot;,&quot;focal_length&quot;:&quot;26&quot;,&quot;iso&quot;:&quot;500&quot;,&quot;shutter_speed&quot;:&quot;0.016666666666667&quot;,&quot;title&quot;:&quot;&quot;,&quot;orientation&quot;:&quot;0&quot;}\" data-image-title=\"10818\" data-image-description=\"\" data-image-caption=\"\" data-large-file=\"https:\/\/hapkido-in-essen.de\/wp-content\/uploads\/2018\/08\/10818.jpg\" src=\"https:\/\/hapkido-im-revier.de\/wp-content\/uploads\/2018\/08\/10818.jpg\" alt=\"\" class=\"wp-image-98\" width=\"128\" height=\"178\" srcset=\"https:\/\/hapkido-in-essen.de\/wp-content\/uploads\/2018\/08\/10818.jpg 500w, https:\/\/hapkido-in-essen.de\/wp-content\/uploads\/2018\/08\/10818-216x300.jpg 216w\" sizes=\"auto, (max-width: 128px) 100vw, 128px\" \/><\/figure>\n<\/div>\n\n\n<p>Nach Kim Sou Bongs Tod am 04.08.2011 hat sein Meistersch\u00fcler Gro\u00dfmeister Gerhard Agrinz, 9. Dan, seine Nachfolge angetreten. Er hat die technische Leitung des \u201cHap-Ki-Do Lehrsystems Kim Sou Bong\u201d und des \u201cTMR-Instruktionssystems\u201d in seinen vollen Verantwortungsbereich \u00fcbernommen. Gemeinsam mit Karl M\u00fcller, 6. Dan und Referent f\u00fcr Deutschland, vertieft er das Erlernte in regelm\u00e4\u00dfigen Seminaren und gibt sein Wissen an die Sch\u00fcler und Sch\u00fclerinnen weiter.<\/p>\n","protected":false},"excerpt":{"rendered":"<p>Der europ\u00e4ische Hapkido-Vater Kim Sou Bong wollte im Alter von neun Jahren boxen lernen, was ihm aber von seiner Mutter untersagt wurde. Deshalb widmete er sich zun\u00e4chst anderen Sportarten wie Schwimmen, Bergsteigen, Rugby,Turnen und Chi-Lum. Mit 15 Jahren erlernte er die Budo-Sportart Tang-Suo-Do und bereits zwei Jahre sp\u00e4ter legte er in dieser Kampfsportart den 1.Dan &hellip; <\/p>\n<p class=\"link-more\"><a href=\"https:\/\/hapkido-in-essen.de\/index.php\/ueber-kim-sou-bong\/\" class=\"more-link\"><span class=\"screen-reader-text\">\u201e\u00dcber Kim Sou Bong\u201c <\/span>weiterlesen<\/a><\/p>\n","protected":false},"author":1,"featured_media":0,"parent":0,"menu_order":0,"comment_status":"closed","ping_status":"closed","template":"","meta":{"jetpack_post_was_ever_published":false,"footnotes":""},"class_list":["post-74","page","type-page","status-publish","hentry"],"jetpack_shortlink":"https:\/\/wp.me\/Pa9712-1c","jetpack_sharing_enabled":true,"_links":{"self":[{"href":"https:\/\/hapkido-in-essen.de\/index.php\/wp-json\/wp\/v2\/pages\/74","targetHints":{"allow":["GET"]}}],"collection":[{"href":"https:\/\/hapkido-in-essen.de\/index.php\/wp-json\/wp\/v2\/pages"}],"about":[{"href":"https:\/\/hapkido-in-essen.de\/index.php\/wp-json\/wp\/v2\/types\/page"}],"author":[{"embeddable":true,"href":"https:\/\/hapkido-in-essen.de\/index.php\/wp-json\/wp\/v2\/users\/1"}],"replies":[{"embeddable":true,"href":"https:\/\/hapkido-in-essen.de\/index.php\/wp-json\/wp\/v2\/comments?post=74"}],"version-history":[{"count":1,"href":"https:\/\/hapkido-in-essen.de\/index.php\/wp-json\/wp\/v2\/pages\/74\/revisions"}],"predecessor-version":[{"id":1377,"href":"https:\/\/hapkido-in-essen.de\/index.php\/wp-json\/wp\/v2\/pages\/74\/revisions\/1377"}],"wp:attachment":[{"href":"https:\/\/hapkido-in-essen.de\/index.php\/wp-json\/wp\/v2\/media?parent=74"}],"curies":[{"name":"wp","href":"https:\/\/api.w.org\/{rel}","templated":true}]}}